{"id":30483,"date":"2022-10-10T13:19:58","date_gmt":"2022-10-10T11:19:58","guid":{"rendered":"https:\/\/berneworldcup.ch\/information\/organisation\/"},"modified":"2026-04-22T00:12:06","modified_gmt":"2026-04-21T22:12:06","slug":"organisation","status":"publish","type":"page","link":"https:\/\/berneworldcup.ch\/fr\/information\/organisation\/","title":{"rendered":"Organisation"},"content":{"rendered":"\n<h2 class=\"wp-block-heading has-text-align-center\"><strong>Comit\u00e9 d\u2019organisation<\/strong><\/h2>\n\n<div class=\"wp-block-columns is-layout-flex wp-container-core-columns-is-layout-d0b3c9c8 wp-block-columns-is-layout-flex\">\n<div class=\"wp-block-column is-layout-flow wp-block-column-is-layout-flow\" style=\"--col-width:100%;flex-basis:100%\">\n<div class=\"wp-block-group alignwide is-layout-constrained wp-container-core-group-is-layout-a79a9386 wp-block-group-is-layout-constrained\">\n<figure class=\"wp-block-table alignwide tw-row-valign-top is-style-regular has-small-font-size\"><table class=\"has-fixed-layout\" style=\"border-style:none;border-width:0px\"><tbody><tr><td class=\"has-text-align-center\" data-align=\"center\"><img loading=\"lazy\" decoding=\"async\" width=\"312\" height=\"326\" class=\"wp-image-29601\" style=\"width: 312px;\" src=\"https:\/\/berneworldcup.ch\/wp-content\/uploads\/2022\/10\/M_Burkhalter.jpg\" alt=\"Markus Burkhalter\" srcset=\"https:\/\/berneworldcup.ch\/wp-content\/uploads\/2022\/10\/M_Burkhalter.jpg 412w, https:\/\/berneworldcup.ch\/wp-content\/uploads\/2022\/10\/M_Burkhalter-287x300.jpg 287w, https:\/\/berneworldcup.ch\/wp-content\/uploads\/2022\/10\/M_Burkhalter-11x12.jpg 11w\" sizes=\"auto, (max-width: 312px) 100vw, 312px\" \/>Markus Burkhalter<br\/><strong>Pr\u00e9sident<\/strong><\/td><td class=\"has-text-align-center\" data-align=\"center\"><img loading=\"lazy\" decoding=\"async\" width=\"312\" height=\"326\" class=\"wp-image-29891\" style=\"width: 312px;\" src=\"https:\/\/berneworldcup.ch\/wp-content\/uploads\/2022\/10\/M_Kuenzler-2.jpg\" alt=\"Michael K&#xFC;nzler\" srcset=\"https:\/\/berneworldcup.ch\/wp-content\/uploads\/2022\/10\/M_Kuenzler-2.jpg 412w, https:\/\/berneworldcup.ch\/wp-content\/uploads\/2022\/10\/M_Kuenzler-2-287x300.jpg 287w\" sizes=\"auto, (max-width: 312px) 100vw, 312px\" \/>Michael K\u00fcnzler<br\/><strong>Vice-pr\u00e9sident<\/strong><\/td><td class=\"has-text-align-center\" data-align=\"center\"><img loading=\"lazy\" decoding=\"async\" width=\"312\" height=\"326\" class=\"wp-image-29608\" style=\"width: 312px;\" src=\"https:\/\/berneworldcup.ch\/wp-content\/uploads\/2022\/10\/C_Egger.jpg\" alt=\"Claudia Egger\" srcset=\"https:\/\/berneworldcup.ch\/wp-content\/uploads\/2022\/10\/C_Egger.jpg 412w, https:\/\/berneworldcup.ch\/wp-content\/uploads\/2022\/10\/C_Egger-287x300.jpg 287w, https:\/\/berneworldcup.ch\/wp-content\/uploads\/2022\/10\/C_Egger-11x12.jpg 11w\" sizes=\"auto, (max-width: 312px) 100vw, 312px\" \/><br\/>Claudia Egger<br\/><strong>Communication<\/strong> <strong>+ Service d&rsquo;acceuil<\/strong><\/td><\/tr><tr><td class=\"has-text-align-center\" data-align=\"center\"><img loading=\"lazy\" decoding=\"async\" width=\"312\" height=\"326\" class=\"wp-image-36102\" style=\"width: 312px;\" src=\"https:\/\/berneworldcup.ch\/wp-content\/uploads\/2026\/04\/D_Lang.jpg\" alt=\"Daniel Lang\" srcset=\"https:\/\/berneworldcup.ch\/wp-content\/uploads\/2026\/04\/D_Lang.jpg 824w, https:\/\/berneworldcup.ch\/wp-content\/uploads\/2026\/04\/D_Lang-287x300.jpg 287w, https:\/\/berneworldcup.ch\/wp-content\/uploads\/2026\/04\/D_Lang-768x803.jpg 768w\" sizes=\"auto, (max-width: 312px) 100vw, 312px\" \/><br\/>Daniel Lang<br\/><strong>Chef du directoire technique<\/strong><\/td><td class=\"has-text-align-center\" data-align=\"center\"><img loading=\"lazy\" decoding=\"async\" width=\"312\" height=\"326\" class=\"wp-image-36111\" style=\"width: 312px;\" src=\"https:\/\/berneworldcup.ch\/wp-content\/uploads\/2026\/04\/L_Frauchiger.jpg\" alt=\"Lars Frauchiger\" srcset=\"https:\/\/berneworldcup.ch\/wp-content\/uploads\/2026\/04\/L_Frauchiger.jpg 824w, https:\/\/berneworldcup.ch\/wp-content\/uploads\/2026\/04\/L_Frauchiger-287x300.jpg 287w, https:\/\/berneworldcup.ch\/wp-content\/uploads\/2026\/04\/L_Frauchiger-768x803.jpg 768w\" sizes=\"auto, (max-width: 312px) 100vw, 312px\" \/>Lars Frauchiger<br\/><strong>Commission technique<\/strong><\/td><td class=\"has-text-align-center\" data-align=\"center\"><img loading=\"lazy\" decoding=\"async\" width=\"312\" height=\"326\" class=\"wp-image-29606\" style=\"width: 312px;\" src=\"https:\/\/berneworldcup.ch\/wp-content\/uploads\/2022\/10\/C_Fuhrimann.jpg\" alt=\"Christoph Fuhrimann\" srcset=\"https:\/\/berneworldcup.ch\/wp-content\/uploads\/2022\/10\/C_Fuhrimann.jpg 412w, https:\/\/berneworldcup.ch\/wp-content\/uploads\/2022\/10\/C_Fuhrimann-287x300.jpg 287w, https:\/\/berneworldcup.ch\/wp-content\/uploads\/2022\/10\/C_Fuhrimann-11x12.jpg 11w\" sizes=\"auto, (max-width: 312px) 100vw, 312px\" \/><br\/>Christoph Fuhrimann<br\/><strong>Commission technique<\/strong><\/td><\/tr><tr><td class=\"has-text-align-center\" data-align=\"center\"><img loading=\"lazy\" decoding=\"async\" width=\"312\" height=\"326\" class=\"wp-image-35813\" style=\"width: 312px;\" src=\"https:\/\/berneworldcup.ch\/wp-content\/uploads\/2024\/11\/Alastair-Frauchiger.jpg\" alt=\"Alastair Frauchiger\" srcset=\"https:\/\/berneworldcup.ch\/wp-content\/uploads\/2024\/11\/Alastair-Frauchiger.jpg 824w, https:\/\/berneworldcup.ch\/wp-content\/uploads\/2024\/11\/Alastair-Frauchiger-287x300.jpg 287w, https:\/\/berneworldcup.ch\/wp-content\/uploads\/2024\/11\/Alastair-Frauchiger-768x803.jpg 768w\" sizes=\"auto, (max-width: 312px) 100vw, 312px\" \/><br\/>Alastair Frauchiger<br\/><strong>Commission technique<\/strong><\/td><td class=\"has-text-align-center\" data-align=\"center\"><img loading=\"lazy\" decoding=\"async\" width=\"312\" height=\"326\" class=\"wp-image-35804\" style=\"width: 312px;\" src=\"https:\/\/berneworldcup.ch\/wp-content\/uploads\/2024\/11\/Stefan-Kuenzler.jpg\" alt=\"Stefan K&#xFC;nzler\" srcset=\"https:\/\/berneworldcup.ch\/wp-content\/uploads\/2024\/11\/Stefan-Kuenzler.jpg 412w, https:\/\/berneworldcup.ch\/wp-content\/uploads\/2024\/11\/Stefan-Kuenzler-287x300.jpg 287w\" sizes=\"auto, (max-width: 312px) 100vw, 312px\" \/><br\/>Stefan K\u00fcnzler<br\/><strong>Commission technique<\/strong><\/td><td class=\"has-text-align-center\" data-align=\"center\"><img loading=\"lazy\" decoding=\"async\" width=\"312\" height=\"326\" class=\"wp-image-36096\" style=\"width: 312px;\" src=\"https:\/\/berneworldcup.ch\/wp-content\/uploads\/2026\/04\/A_Voellmin.jpg\" alt=\"Andreas V&#xF6;llmin\" srcset=\"https:\/\/berneworldcup.ch\/wp-content\/uploads\/2026\/04\/A_Voellmin.jpg 824w, https:\/\/berneworldcup.ch\/wp-content\/uploads\/2026\/04\/A_Voellmin-287x300.jpg 287w, https:\/\/berneworldcup.ch\/wp-content\/uploads\/2026\/04\/A_Voellmin-768x803.jpg 768w\" sizes=\"auto, (max-width: 312px) 100vw, 312px\" \/><br\/>Andreas V\u00f6llmin<br\/><strong>Contr\u00f4le du mat\u00e9riel<\/strong><\/td><\/tr><tr><td class=\"has-text-align-center\" data-align=\"center\"><img loading=\"lazy\" decoding=\"async\" width=\"312\" height=\"326\" class=\"wp-image-36105\" style=\"width: 312px;\" src=\"https:\/\/berneworldcup.ch\/wp-content\/uploads\/2026\/04\/F_Suter.jpg\" alt=\"Fabienne Suter\" srcset=\"https:\/\/berneworldcup.ch\/wp-content\/uploads\/2026\/04\/F_Suter.jpg 824w, https:\/\/berneworldcup.ch\/wp-content\/uploads\/2026\/04\/F_Suter-287x300.jpg 287w, https:\/\/berneworldcup.ch\/wp-content\/uploads\/2026\/04\/F_Suter-768x803.jpg 768w\" sizes=\"auto, (max-width: 312px) 100vw, 312px\" \/><br\/>Fabienne Suter<br\/><strong>D\u00e9l\u00e9gu\u00e9e<\/strong><br\/><strong>Swiss Fencing<\/strong><\/td><td class=\"has-text-align-center\" data-align=\"center\"><img loading=\"lazy\" decoding=\"async\" width=\"312\" height=\"326\" class=\"wp-image-36114\" style=\"width: 312px;\" src=\"https:\/\/berneworldcup.ch\/wp-content\/uploads\/2026\/04\/M_Bossart.jpg\" alt=\"Michel Bossart\" srcset=\"https:\/\/berneworldcup.ch\/wp-content\/uploads\/2026\/04\/M_Bossart.jpg 824w, https:\/\/berneworldcup.ch\/wp-content\/uploads\/2026\/04\/M_Bossart-287x300.jpg 287w, https:\/\/berneworldcup.ch\/wp-content\/uploads\/2026\/04\/M_Bossart-768x803.jpg 768w\" sizes=\"auto, (max-width: 312px) 100vw, 312px\" \/>Michel Bossart<br\/><strong>D\u00e9l\u00e9gu\u00e9<\/strong><br\/><strong>Swiss Fencing<\/strong><\/td><td class=\"has-text-align-center\" data-align=\"center\"><img loading=\"lazy\" decoding=\"async\" width=\"312\" height=\"326\" class=\"wp-image-36099\" style=\"width: 312px;\" src=\"https:\/\/berneworldcup.ch\/wp-content\/uploads\/2026\/04\/C_Schibli.jpg\" alt=\"Claudia Schibli\" srcset=\"https:\/\/berneworldcup.ch\/wp-content\/uploads\/2026\/04\/C_Schibli.jpg 824w, https:\/\/berneworldcup.ch\/wp-content\/uploads\/2026\/04\/C_Schibli-287x300.jpg 287w, https:\/\/berneworldcup.ch\/wp-content\/uploads\/2026\/04\/C_Schibli-768x803.jpg 768w\" sizes=\"auto, (max-width: 312px) 100vw, 312px\" \/>Claudia Schibli<br\/><strong>D\u00e9l\u00e9gu\u00e9e<\/strong><br\/><strong>Fechtclub Bern<\/strong><\/td><\/tr><tr><td class=\"has-text-align-center\" data-align=\"center\"><img decoding=\"async\" class=\"wp-image-29893\" style=\"width: 312px;\" src=\"https:\/\/berneworldcup.ch\/wp-content\/uploads\/2022\/10\/M_Scheidt-2.jpg\" alt=\"Martin Scheidt\"\/><br\/>Martin Scheidt<br\/><strong>Commission technique<\/strong><\/td><td class=\"has-text-align-center\" data-align=\"center\"><img loading=\"lazy\" decoding=\"async\" width=\"312\" height=\"326\" class=\"wp-image-36108\" style=\"width: 312px;\" src=\"https:\/\/berneworldcup.ch\/wp-content\/uploads\/2026\/04\/J_Geroudet.jpg\" alt=\"Justine G&#xE9;roudet\" srcset=\"https:\/\/berneworldcup.ch\/wp-content\/uploads\/2026\/04\/J_Geroudet.jpg 824w, https:\/\/berneworldcup.ch\/wp-content\/uploads\/2026\/04\/J_Geroudet-287x300.jpg 287w, https:\/\/berneworldcup.ch\/wp-content\/uploads\/2026\/04\/J_Geroudet-768x803.jpg 768w\" sizes=\"auto, (max-width: 312px) 100vw, 312px\" \/>Justine G\u00e9roudet<br\/><strong>Administration<\/strong><\/td><td class=\"has-text-align-center\" data-align=\"center\"><img loading=\"lazy\" decoding=\"async\" width=\"312\" height=\"326\" class=\"wp-image-29609\" style=\"width: 312px;\" src=\"https:\/\/berneworldcup.ch\/wp-content\/uploads\/2022\/10\/A_Straub.jpg\" alt=\"Anja Straub\" srcset=\"https:\/\/berneworldcup.ch\/wp-content\/uploads\/2022\/10\/A_Straub.jpg 412w, https:\/\/berneworldcup.ch\/wp-content\/uploads\/2022\/10\/A_Straub-287x300.jpg 287w, https:\/\/berneworldcup.ch\/wp-content\/uploads\/2022\/10\/A_Straub-11x12.jpg 11w\" sizes=\"auto, (max-width: 312px) 100vw, 312px\" \/><br\/>Anja Straub<br\/><strong>Tr\u00e9sori\u00e8re<\/strong><br\/><\/td><\/tr><\/tbody><\/table><\/figure>\n\n\n\n<figure class=\"wp-block-table tw-row-valign-top is-style-regular has-small-font-size\"><table class=\"has-border-color has-background-border-color has-fixed-layout\" style=\"border-width:1px\"><tbody><tr><td class=\"has-text-align-center\" data-align=\"center\"><strong>Affiche<\/strong><br\/>Claude Kuhn<\/td><td class=\"has-text-align-center\" data-align=\"center\"><strong>\u00c9clairage + Technique<\/strong><br\/>Lorin Criblez<\/td><td class=\"has-text-align-center\" data-align=\"center\"><strong>Pr\u00e9sident d&rsquo;honneur<\/strong><br\/>Ren\u00e9 Burkhalter \u271d\ufe0e<\/td><\/tr><tr><td class=\"has-text-align-center\" data-align=\"center\"><strong>Graphique<\/strong><br\/>Mark Hohn<\/td><td class=\"has-text-align-center\" data-align=\"center\"><strong>M\u00e9decin de comp\u00e9tition<\/strong><br\/>Roland M\u00fcller<\/td><td class=\"has-text-align-center\" data-align=\"center\"><strong>Membre honoraire<\/strong><br\/>Bernhard Kauter<\/td><\/tr><tr><td class=\"has-text-align-center\" data-align=\"center\"><strong>Secr\u00e9tariat<\/strong><br\/>Tamara Hiltbrand<\/td><td class=\"has-text-align-center\" data-align=\"center\"><strong>Comptabilit\u00e9<\/strong><br\/>Sonja Gienal<\/td><td class=\"has-text-align-center\" data-align=\"center\"><\/td><\/tr><\/tbody><\/table><\/figure>\n<\/div>\n<\/div>\n<\/div>\n\n<p><\/p>\n","protected":false},"excerpt":{"rendered":"<p>Comit\u00e9 d\u2019organisation Markus BurkhalterPr\u00e9sident Michael K\u00fcnzlerVice-pr\u00e9sident Claudia EggerCommunication + Service d&rsquo;acceuil Daniel LangChef du directoire technique Lars FrauchigerCommission technique Christoph FuhrimannCommission technique Alastair FrauchigerCommission technique Stefan K\u00fcnzlerCommission technique Andreas V\u00f6llminContr\u00f4le du mat\u00e9riel Fabienne SuterD\u00e9l\u00e9gu\u00e9eSwiss Fencing Michel BossartD\u00e9l\u00e9gu\u00e9Swiss Fencing Claudia SchibliD\u00e9l\u00e9gu\u00e9eFechtclub Bern Martin ScheidtCommission technique Justine G\u00e9roudetAdministration Anja StraubTr\u00e9sori\u00e8re AfficheClaude Kuhn \u00c9clairage + TechniqueLorin Criblez Pr\u00e9sident [&hellip;]<\/p>\n","protected":false},"author":9,"featured_media":0,"parent":30429,"menu_order":12,"comment_status":"closed","ping_status":"closed","template":"","meta":{"footnotes":""},"class_list":["post-30483","page","type-page","status-publish","hentry"],"_links":{"self":[{"href":"https:\/\/berneworldcup.ch\/fr\/wp-json\/wp\/v2\/pages\/30483","targetHints":{"allow":["GET"]}}],"collection":[{"href":"https:\/\/berneworldcup.ch\/fr\/wp-json\/wp\/v2\/pages"}],"about":[{"href":"https:\/\/berneworldcup.ch\/fr\/wp-json\/wp\/v2\/types\/page"}],"author":[{"embeddable":true,"href":"https:\/\/berneworldcup.ch\/fr\/wp-json\/wp\/v2\/users\/9"}],"replies":[{"embeddable":true,"href":"https:\/\/berneworldcup.ch\/fr\/wp-json\/wp\/v2\/comments?post=30483"}],"version-history":[{"count":13,"href":"https:\/\/berneworldcup.ch\/fr\/wp-json\/wp\/v2\/pages\/30483\/revisions"}],"predecessor-version":[{"id":36120,"href":"https:\/\/berneworldcup.ch\/fr\/wp-json\/wp\/v2\/pages\/30483\/revisions\/36120"}],"up":[{"embeddable":true,"href":"https:\/\/berneworldcup.ch\/fr\/wp-json\/wp\/v2\/pages\/30429"}],"wp:attachment":[{"href":"https:\/\/berneworldcup.ch\/fr\/wp-json\/wp\/v2\/media?parent=30483"}],"curies":[{"name":"wp","href":"https:\/\/api.w.org\/{rel}","templated":true}]}}